{"id":26,"date":"2014-02-02T19:40:27","date_gmt":"2014-02-02T19:40:27","guid":{"rendered":"http:\/\/localhost\/wordpress\/?page_id=26"},"modified":"2015-06-21T14:04:20","modified_gmt":"2015-06-21T12:04:20","slug":"jardin-des-sciences","status":"publish","type":"page","link":"http:\/\/camillepaoletti.org\/fr\/jardin-des-sciences\/","title":{"rendered":"Jardin des sciences"},"content":{"rendered":"<p><\/p>\n<table border=\"0\" cellspacing=\"20\" cellpadding=\"0\">\n<tbody>\n<tr>\n<td valign=\"top\">\n<p style=\"text-align: justify;\">Lors de mon exp\u00e9rience au sein du <a href=\"http:\/\/jardin-sciences.unistra.fr\/\">Jardin des Sciences<\/a>, j&rsquo;ai notamment \u00e9t\u00e9 charg\u00e9e d&rsquo;un projet dont le but \u00e9tait d&#8217;emmener 15 \u00e9tudiants de l&rsquo;universit\u00e9 de Strasbourg \u00e0\u00a0<a href=\"http:\/\/esof2014.org\/\">ESOF 2014<\/a>\u00a0et d&rsquo;y produire une pi\u00e8ce de th\u00e9\u00e2tre scientifique. ESOF est une conf\u00e9rence biennale organis\u00e9e par Euroscience. Durant une semaine, chercheurs, journalistes, d\u00e9cideurs politiques, \u00e9tudiants et organisations se rencontrent et d\u00e9battent de la recherche europ\u00e9enne et de ses enjeux mondiaux. Nous avons anim\u00e9 la soir\u00e9e du 23 juin par une repr\u00e9sentation\u00a0 strasbourgeoise \u00e0 Copenhague\u00a0 !<\/p>\n<p style=\"text-align: justify;\"><a href=\"http:\/\/camillepaoletti.org\/wp-content\/uploads\/2015\/06\/catch-the-science-train.jpg\"><img loading=\"lazy\" class=\"alignnone size-full wp-image-684\" src=\"http:\/\/camillepaoletti.org\/wp-content\/uploads\/2015\/06\/catch-the-science-train-e1434886171226.jpg\" alt=\"catch-the-science-train\" width=\"424\" height=\"600\" \/><\/a><\/p>\n<p style=\"text-align: justify;\">\n<\/td>\n<td style=\"width: 420px; text-align: left; vertical-align: middle;\" align=\"left\" valign=\"top\">\n<p style=\"text-align: justify;\">Forts de cette exp\u00e9rience, la plupart d&rsquo;entre-nous ont d\u00e9cid\u00e9 de jouer \u00e0 nouveau cette pi\u00e8ce lors de l&rsquo;\u00e9dition 2014 de la f\u00eate de la science.<\/p>\n<p style=\"text-align: justify;\">Petite vid\u00e9o de l&rsquo;\u00e9v\u00e8nement en bonus&#8230;<\/p>\n<div style=\"width: 640px;\" class=\"wp-video\"><video class=\"wp-video-shortcode\" id=\"video-26-2\" width=\"640\" height=\"360\" preload=\"metadata\" controls=\"controls\"><source type=\"video\/mp4\" src=\"http:\/\/camillepaoletti.org\/wp-content\/uploads\/2015\/06\/final.mp4?_=2\" \/><a href=\"http:\/\/camillepaoletti.org\/wp-content\/uploads\/2015\/06\/final.mp4\">http:\/\/camillepaoletti.org\/wp-content\/uploads\/2015\/06\/final.mp4<\/a><\/video><\/div>\n<p style=\"text-align: justify;\">Merci au Jardin des Sciences qui nous a offert cette chance !<\/p>\n<p style=\"text-align: justify;\">Et \u00e0 <a href=\"http:\/\/www.la-klamm.org\/index.php?nav=Activites&amp;act=28\">Alex<\/a> pour son soutien sans faille \ud83d\ude42<\/p>\n<p style=\"text-align: justify;\">Si vous d\u00e9sirez en savoir plus sur ce projet, retrouvez-nous sur notre <a href=\"http:\/\/sciencetrain2014.wordpress.com\/\">blog<\/a> ou notre <a href=\"https:\/\/www.facebook.com\/sciencetrain2014\">page facebook<\/a>.<\/p>\n<\/td>\n<td align=\"left\" valign=\"top\">\n<p style=\"text-align: justify;\">Durant un an, j&rsquo;ai eu la chance d\u2019int\u00e9grer l&rsquo;\u00e9quipe du\u00a0<a href=\"http:\/\/jardin-sciences.unistra.fr\/\">Jardin des Sciences<\/a>\u00a0de Strasbourg dans le cadre d&rsquo;une mission compl\u00e9mentaire de transmission des savoirs scientifiques associ\u00e9es \u00e0 mon travail de th\u00e8se.<\/p>\n<p style=\"text-align: justify;\">Ma premi\u00e8re mission f\u00fbt d&rsquo;aider \u00e0 la conception de notre derni\u00e8re exposition annuelle sur le th\u00e8me de l&rsquo;eau (voir\u00a0<a href=\"http:\/\/camillepaoletti.org\/exhibitions\/?lang=fr\">ma premi\u00e8re exposition<\/a>). J&rsquo;\u00e9tais en charge de la r\u00e9daction de l&rsquo;ensemble des panneaux d&rsquo;exposition destin\u00e9s aussi bien aux \u00e9coles, coll\u00e8ges et lyc\u00e9es de la r\u00e9gion qu&rsquo;au grand public.<\/p>\n<p><a href=\"http:\/\/camillepaoletti.org\/wp-content\/uploads\/2014\/02\/affcihe-e1391985876488.jpg\"><img loading=\"lazy\" class=\"alignnone\" src=\"http:\/\/camillepaoletti.org\/wp-content\/uploads\/2014\/02\/affcihe-e1391985876488.jpg\" alt=\"Affiche de l'exposition\" width=\"424\" height=\"600\" \/><\/a><\/td>\n<td><a href=\"http:\/\/camillepaoletti.org\/wp-content\/uploads\/2014\/03\/expo-ConseilDesXV-e1394804554424.jpg\"><img loading=\"lazy\" src=\"http:\/\/camillepaoletti.org\/wp-content\/uploads\/2014\/03\/expo-ConseilDesXV-e1394804554424.jpg\" alt=\"expo-ConseilDesXV\" width=\"536\" height=\"400\" \/><\/a><\/p>\n<p style=\"text-align: justify;\">\u00c9l\u00e8ves de l&rsquo;\u00e9cole \u00e9l\u00e9mentaire du Conseil des XV visitant l&rsquo;exposition.<\/p>\n<\/td>\n<\/tr>\n<\/tbody>\n<\/table>\n<p><\/p>","protected":false},"excerpt":{"rendered":"<p>Lors de mon exp\u00e9rience au sein du Jardin des Sciences, j&rsquo;ai notamment \u00e9t\u00e9 charg\u00e9e d&rsquo;un projet dont le but \u00e9tait d&#8217;emmener 15 \u00e9tudiants de l&rsquo;universit\u00e9 de Strasbourg \u00e0\u00a0ESOF 2014\u00a0et d&rsquo;y produire une pi\u00e8ce de th\u00e9\u00e2tre scientifique. ESOF est une conf\u00e9rence biennale organis\u00e9e par Euroscience. Durant une semaine, chercheurs, journalistes, d\u00e9cideurs politiques, \u00e9tudiants et organisations se [&hellip;]<\/p>\n","protected":false},"author":1,"featured_media":0,"parent":0,"menu_order":0,"comment_status":"open","ping_status":"open","template":"","meta":[],"_links":{"self":[{"href":"http:\/\/camillepaoletti.org\/fr\/wp-json\/wp\/v2\/pages\/26"}],"collection":[{"href":"http:\/\/camillepaoletti.org\/fr\/wp-json\/wp\/v2\/pages"}],"about":[{"href":"http:\/\/camillepaoletti.org\/fr\/wp-json\/wp\/v2\/types\/page"}],"author":[{"embeddable":true,"href":"http:\/\/camillepaoletti.org\/fr\/wp-json\/wp\/v2\/users\/1"}],"replies":[{"embeddable":true,"href":"http:\/\/camillepaoletti.org\/fr\/wp-json\/wp\/v2\/comments?post=26"}],"version-history":[{"count":15,"href":"http:\/\/camillepaoletti.org\/fr\/wp-json\/wp\/v2\/pages\/26\/revisions"}],"predecessor-version":[{"id":698,"href":"http:\/\/camillepaoletti.org\/fr\/wp-json\/wp\/v2\/pages\/26\/revisions\/698"}],"wp:attachment":[{"href":"http:\/\/camillepaoletti.org\/fr\/wp-json\/wp\/v2\/media?parent=26"}],"curies":[{"name":"wp","href":"https:\/\/api.w.org\/{rel}","templated":true}]}}